{"id":3165,"date":"2026-07-14T09:39:18","date_gmt":"2026-07-14T07:39:18","guid":{"rendered":"https:\/\/wmp-interzero-at.empress.smarthost.pl\/?page_id=3165"},"modified":"2026-08-03T09:44:14","modified_gmt":"2026-08-03T07:44:14","slug":"legal-notice","status":"publish","type":"page","link":"https:\/\/wastemanagementplattform.interzero.at\/en\/rechtlicher-hinweis\/","title":{"rendered":"Legal notice"},"content":{"rendered":"\t\t<div data-elementor-type=\"wp-page\" data-elementor-id=\"3165\" class=\"elementor elementor-3165\" data-elementor-post-type=\"page\">\n\t\t\t\t<div class=\"elementor-element elementor-element-0f71bbc e-flex e-con-boxed e-con e-parent\" data-id=\"0f71bbc\" data-element_type=\"container\" data-e-type=\"container\">\n\t\t\t\t\t<div class=\"e-con-inner\">\n\t\t\t\t<div class=\"elementor-element elementor-element-1454 elementor-widget elementor-widget-global elementor-global-1454 elementor-widget-template\" data-id=\"1454\" data-element_type=\"widget\" data-e-type=\"widget\" data-widget_type=\"template.default\">\n\t\t\t\t<div class=\"elementor-widget-container\">\n\t\t\t\t\t\t\t<div class=\"elementor-template\">\n\t\t\t\t\t<div data-elementor-type=\"section\" data-elementor-id=\"1288\" class=\"elementor elementor-1288\" data-elementor-post-type=\"elementor_library\">\n\t\t\t\t\t<section class=\"elementor-section elementor-top-section elementor-element elementor-element-126916d3 elementor-section-boxed elementor-section-height-default elementor-section-height-default\" data-id=\"126916d3\" data-element_type=\"section\" data-e-type=\"section\">\n\t\t\t\t\t\t<div class=\"elementor-container elementor-column-gap-no\">\n\t\t\t\t\t<div class=\"elementor-column elementor-col-100 elementor-top-column elementor-element elementor-element-2ccb7e29\" data-id=\"2ccb7e29\" data-element_type=\"column\" data-e-type=\"column\">\n\t\t\t<div class=\"elementor-widget-wrap elementor-element-populated\">\n\t\t\t\t\t\t<div class=\"elementor-element elementor-element-7e957894 elementor-widget elementor-widget-shortcode\" data-id=\"7e957894\" data-element_type=\"widget\" data-e-type=\"widget\" data-widget_type=\"shortcode.default\">\n\t\t\t\t<div class=\"elementor-widget-container\">\n\t\t\t\t\t\t\t<div class=\"elementor-shortcode\"><span><span><a href=\"https:\/\/wastemanagementplattform.interzero.at\/\">Startseite<\/a><\/span><\/span><\/div>\n\t\t\t\t\t\t<\/div>\n\t\t\t\t<\/div>\n\t\t\t\t\t<\/div>\n\t\t<\/div>\n\t\t\t\t\t<\/div>\n\t\t<\/section>\n\t\t\t\t<\/div>\n\t\t\t\t<\/div>\n\t\t\t\t\t\t<\/div>\n\t\t\t\t<\/div>\n\t\t\t\t\t<\/div>\n\t\t\t\t<\/div>\n\t\t<div class=\"elementor-element elementor-element-5d1307a5 e-flex e-con-boxed e-con e-parent\" data-id=\"5d1307a5\" data-element_type=\"container\" data-e-type=\"container\">\n\t\t\t\t\t<div class=\"e-con-inner\">\n\t\t\t\t<div class=\"elementor-element elementor-element-153084b elementor-widget elementor-widget-heading\" data-id=\"153084b\" data-element_type=\"widget\" data-e-type=\"widget\" data-widget_type=\"heading.default\">\n\t\t\t\t<div class=\"elementor-widget-container\">\n\t\t\t\t\t<h1 class=\"elementor-heading-title elementor-size-default\">Rechtlicher Hinweis<\/h1>\t\t\t\t<\/div>\n\t\t\t\t<\/div>\n\t\t\t\t<div class=\"elementor-element elementor-element-2e6fb5a3 elementor-widget__width-initial post-content elementor-widget elementor-widget-text-editor\" data-id=\"2e6fb5a3\" data-element_type=\"widget\" data-e-type=\"widget\" data-widget_type=\"text-editor.default\">\n\t\t\t\t<div class=\"elementor-widget-container\">\n\t\t\t\t\t\t\t\t\t<h2><strong>Datenschutzerkl\u00e4rung der Interzero Circular Solutions Europe GmbH und der Interzero Circular Consulting Austria Gmbh<\/strong><\/h2><p>Stand: 02. Mai 2024<\/p><p>Der Schutz und die Sicherheit Ihrer Daten ist f\u00fcr uns, die Interzero Circular Solutions Europe GmbH (im Folgenden \u201e<strong>Interzero<\/strong>\u201c), ein wichtiges Anliegen, das wir in allen unseren Gesch\u00e4ftsprozessen ber\u00fccksichtigen. In dieser Datenschutzerkl\u00e4rung m\u00f6chten wir Ihnen einen \u00dcberblick \u00fcber die datenschutzrelevanten Aspekte unseres Online-Angebots geben. Im Folgenden erl\u00e4utern wir:<\/p><ol><li>Welche personenbezogenen Daten wir erfassen, wenn Sie das Online-Angebot der Interzero nutzen.<\/li><li>Zu welchen Zwecken diese Daten von Interzero und allf\u00e4lligen Drittunternehmen verarbeitet werden.<\/li><li>Welche Rechte Sie in Bezug auf die Verarbeitung Ihrer Daten haben.<\/li><li>Wie Sie uns zum Thema Datenschutz kontaktieren k\u00f6nnen.<\/li><\/ol><p><strong>Was sind personenbezogene Daten?<\/strong><\/p><p>Personenbezogene Daten (oder im Folgenden vereinfacht \u201e<strong>Daten<\/strong>\u201c) sind alle Informationen, die sich auf eine identifizierte oder identifizierbare nat\u00fcrliche Person beziehen. Das sind einerseits Daten wie beispielsweise Namen, Geburtsdatum oder Adresse, aber auch IP-Adressen sind Daten im Sinne dieser Definition.<\/p><p><strong>Wann gilt diese Datenschutzerkl\u00e4rung?<\/strong><\/p><p>Diese Datenschutzerkl\u00e4rung gilt f\u00fcr die Online-Angebote der Interzero sowie der Interzero Circular Consulting Austria Gmbh, einer Tochter der Interzero (im Folgenden \u201e<strong>ICCA<\/strong>\u201c), unter den Domains\u00a0<a href=\"\/\">wastemanagementplattform.interzero.at<\/a>, darunter folgende Webshops:<\/p><ul><li>Licensing.interzero.at<\/li><li>aktenvernichtung.interzero.at<\/li><li>leichtverpackungen.interzero.at<\/li><li>leicht-und-metallverpackungen.interzero.at<\/li><li>machines.interzero.at<\/li><\/ul><p>sowie die Social-Media-Pr\u00e4senzen der Interzero und der ICCA bei\u00a0<a href=\"https:\/\/www.facebook.com\/Interseroh-Austria-1506574646302160\/?ref=bookmarks\">Facebook<\/a>, LinkedIn und YouTube (im Folgenden zusammen oder einzeln \u201e<strong>Social-Media-Pr\u00e4senzen<\/strong>\u201c).<\/p><p><strong>Rechtsgrundlagen<\/strong><\/p><p>Wir verarbeiten und sch\u00fctzen Ihre Daten auf Grundlage der EU-Datenschutzgrundverordnung (im Folgenden \u201e<strong>DSGVO<\/strong>\u201c). Diese verlangt eine Rechtsgrundlage f\u00fcr die Verarbeitung von pers\u00f6nlichen Informationen. Unsere Rechtsgrundlage h\u00e4ngt vom jeweiligen Zweck der Datenverarbeitung ab. Wir st\u00fctzen uns auf:<\/p><ol><li><strong>Durchf\u00fchrung eines Vertrags<\/strong>, wenn wir einen Vertrag mit Ihnen abgeschlossen haben oder vorvertragliche Ma\u00dfnahmen erforderlich sind, die auf Ihre Anfrage erfolgen. Dies beinhaltet die Verarbeitung Ihrer pers\u00f6nlichen Daten zur Annahme und Abwicklung von Vertr\u00e4gen und ggfls. zur Zahlungsabwicklung (Artikel 6 Abs 1 lit b DSGVO).<\/li><li><strong>Wahrung berechtigter Interessen<\/strong>, wenn die Verarbeitung zur Wahrung unserer berechtigten Interessen oder Dritter (etwa unserer Kunden) erforderlich ist (Artikel 6 Abs 1 lit f DSGVO).<\/li><li><strong>Ihre Einwilligung<\/strong>, wenn wir Sie f\u00fcr bestimmte Zwecke Ihre Einwilligung zur Verarbeitung der Sie betreffenden personenbezogenen Daten geben. Sie k\u00f6nnen Ihre Einwilligung jederzeit widerrufen und wir werden Ihre Daten dann nicht mehr f\u00fcr den jeweiligen bestimmten Zweck verarbeiten (Artikel 6 Abs 1 lit a DSGVO).<\/li><li><strong>Rechtliche Verpflichtungen<\/strong>, wenn wir Ihre pers\u00f6nlichen Informationen verarbeiten, um eine uns treffende rechtliche Verpflichtung zu erf\u00fcllen (Artikel 6 Abs 1 lit c DSGVO).<\/li><\/ol><p>Wir haben mit Dritten, die in unserem Auftrag personenbezogene Daten verarbeiten, eine entsprechende Vereinbarung \u00fcber die Auftragsverarbeitung abgeschlossen. Im Falle gemeinsamer Verantwortlichkeit haben wir Vereinbarungen \u00fcber die gemeinsame Verarbeitung abgeschlossen.<\/p><h3><strong>1. Verantwortlichkeit und Ansprechpartner<\/strong><\/h3><p>Verantwortlicher im Sinne der DSGVO f\u00fcr die Datenverarbeitung ist f\u00fcr die Interzero die<\/p><p>Interzero Circular Solutions Europe GmbH<br \/>Vorgartenstra\u00dfe 206c<br \/>1020 Wien,<br \/>\u00d6sterreich<\/p><p>und f\u00fcr die ICCA die<\/p><p>Interzero Circular Consulting Austria Gmbh<br \/>Vorgartenstra\u00dfe 206c<br \/>1020 Wien,<br \/>\u00d6sterreich<\/p><p>Den Kontakt betreffend Datenschutzangelegenheiten von Interzero und ICCA erreichen Sie unter\u00a0<a href=\"mailto:office@interzero.at\">office@interzero.at<\/a>\u00a0oder per Post unter der oben angegebenen Anschrift der Interzero an die QM-Abteilung mit dem Zusatz \u201ez. Hd.: Datenschutzkoordinator\u201c.<\/p><h3><strong>2. Datenverarbeitung beim Besuch unserer Websites<\/strong><\/h3><p><strong>2.1. Automatisch erfasste Zugriffsdaten<\/strong><\/p><p>Sie k\u00f6nnen unsere Webseiten und Webshops besuchen, ohne Angaben zu Ihrer Person zu machen. Erfasst werden dann lediglich\u00a0<strong>Zugriffsdaten<\/strong>, die von Ihrem Browser automatisch an uns \u00fcbermittelt werden. Dies umfasst beispielsweise Ihre Online-Kennungen (z. B. IP-Adresse, Session-IDs, Ger\u00e4te-IDs); Angaben zum verwendeten Webbrowser und Betriebssystem; ggf. die Webseite, von der aus Sie unsere Webseiten und Webshops aufrufen (d. h. wenn Sie eine unserer Webseiten \u00fcber einen Link aufgerufen haben); die Namen der angeforderten Dateien (d. h. welche Texte, Videos, Bilder usw. Sie sich auf unseren Webseiten angeschaut haben); die Spracheinstellungen Ihres Browsers, ggf. Fehlerberichte sowie die Zeitpunkte der einzelnen Zugriffe.<\/p><p>Die Verarbeitung dieser Zugriffsdaten ist erforderlich, um Ihnen den Besuch und die komfortable Nutzung unserer Webseiten und Webshops zu erm\u00f6glichen und deren dauerhafte Funktionsf\u00e4higkeit und Sicherheit zu gew\u00e4hrleisten.<\/p><p>Die Zugriffsdaten werden zudem kurzfristig in internen Logfiles gespeichert, um statistische Angaben \u00fcber die Nutzung unserer Webseiten und Webshops zu erstellen. Dies erm\u00f6glicht es uns, unsere Websites im Hinblick auf die Nutzungsgewohnheiten und technische Ausstattung unserer Nutzer laufend zu optimieren und weiterzuentwickeln sowie St\u00f6rungen und Sicherheitsrisiken zu beseitigen. Die in den Logfiles gespeicherten Informationen lassen keinen unmittelbaren R\u00fcckschluss auf Ihre Person zu \u2013 insbesondere speichern wir die IP-Adressen lediglich in gek\u00fcrzter, anonymisierter Form. Die Logfiles werden f\u00fcr h\u00f6chstens 30 Tage gespeichert und nach anschlie\u00dfender Anonymisierung archiviert.<\/p><p>Rechtsgrundlage f\u00fcr diese Datenverarbeitung ist Artikel 6 Abs 1 lit f DSGVO.<\/p><p><strong>2.2. Ihre Nachrichten und Mitteilungen<\/strong><\/p><p>Wir erfassen alle Angaben und Daten, die Sie uns \u00fcber unsere Webseite mitteilen. Beispielsweise haben Sie an verschiedenen Stellen unserer Webseite die M\u00f6glichkeit, uns \u00fcber Funktionen wie beispielsweise ein \u201e<strong>Kontaktformular<\/strong>\u201c Nachrichten und teilweise auch Dateien (z. B. PDF-Dokumente) zukommen zu lassen. Die ggf. f\u00fcr die Nutzung dieser Funktionen notwendigen Pflichtangaben sind als solche kenntlich gemacht. Dazu z\u00e4hlen unter anderem Name, E-Mail-Adresse sowie Telefonnummer, unter der wir Sie erreichen k\u00f6nnen.<\/p><p>Ihre Angaben werden von uns ausschlie\u00dflich zur Bearbeitung Ihres Anliegens verwendet. Die dabei anfallenden Daten l\u00f6schen wir, nachdem die Speicherung nicht mehr erforderlich ist, oder schr\u00e4nken die Verarbeitung ein, falls gesetzliche Aufbewahrungspflichten bestehen.<\/p><p>Zur Bearbeitung eingehender Nachrichten nutzen wir unsere interne Microsoft Outlook Umgebung, ihre Nachrichten werden an\u00a0<a href=\"mailto:office@interzero.at\">office@interzero.at<\/a>\u00a0oder an die angegebenen E-Mail Adressen verschickt und zur Bearbeitung Ihres Anliegens verwendet.<\/p><p>Auf\u00a0<strong>machines.interzero.at<\/strong>\u00a0nutzen wir zus\u00e4tzlich das Chat-Angebot den Dienstleister Tidio Sp. Z o.o., al. Wojska Polskiego 81, 70-481 Szczecin, Polen (im Folgenden \u201e<strong>tidio<\/strong>\u201c). Hierzu werden eingehende Nachrichten \u00fcber ein Ticketsystem weitergegeben und gespeichert. Die Weiterleitung erfolgt \u00fcber das System von tidio zu unserer internen E-Mail Adresse\u00a0<a href=\"mailto:shop.austria@interzero.at\">shop.austria@interzero.at<\/a>, wo sie von unserer Seite bearbeitet wird. N\u00e4here Informationen zur Datenverarbeitung durch tidio, insbesondere zur Frage, welche Daten von tidio verarbeitet werden, finden Sie in der Datenschutzerkl\u00e4rung von tidio unter\u00a0<a href=\"https:\/\/www.tidio.com\/privacy-policy\/\">https:\/\/www.tidio.com\/privacy-policy\/<\/a><\/p><p>Eine Weitergabe Ihrer Nachricht an ein anderes Unternehmen innerhalb der Interzero-Gruppe oder allenfalls an externe Dritte, die in unserem Auftrag t\u00e4tig werden, erfolgt nur, soweit dies zur Bearbeitung Ihres Anliegens erforderlich ist (beispielsweise leiten wir Ihre Nachricht an ein anderes Unternehmen der Interzero-Gruppe weiter, wenn dieses f\u00fcr Ihr Anliegen zust\u00e4ndig ist). Falls Sie nicht m\u00f6chten, dass Ihre Nachricht m\u00f6glicherweise an ein anderes Unternehmen der Interzero-Gruppen oder an externe Dritte weitergegeben wird, k\u00f6nnen Sie uns dies \u2013 selbstverst\u00e4ndlich auch vorsorglich \u2013 direkt in Ihrer Nachricht mitteilen. Wir werden Ihre Nachricht dann nicht weiterleiten.<\/p><p>Rechtsgrundlage f\u00fcr diese Datenverarbeitung ist Artikel 6 Abs 1 lit b DSGVO.<\/p><p><strong>2.<\/strong><strong>3<\/strong><strong>. Newsletter<\/strong><\/p><p>Wenn Sie sich \u00fcber unsere Webseite f\u00fcr unseren Newsletter anmelden, verarbeiten wir personenbezogene Daten wie Ihren Namen, Ihre E-Mail-Adresse, den Zeitpunkt der Anmeldung sowie Ihre IP-Adresse. \u00dcberdies wird gespeichert, welche Newsletter wir Ihnen gesandt haben, der Zeitpunkt, zu dem Sie diese ge\u00f6ffnet oder geblockt oder als Spam markiert haben, ob die Newsletter zugestellt werden konnten. Weiters verarbeiten wir, ob Sie sich vom Newsletter an- oder abmelden und welche Links Sie in den Newslettern anklicken.<\/p><p>Die Verarbeitung dieser Daten ist von der Einwilligung bei der Anmeldung zu unserem Newsletter umfasst.<\/p><p>Rechtsgrundlage f\u00fcr diese Datenverarbeitung ist Artikel 6 Abs 1 lit a DSGVO.<\/p><p><strong>2.<\/strong><strong>4.<\/strong><strong>\u00a0Cookies<\/strong><\/p><p>Zur Verbesserung der Darstellung und der Inhalte unserer Websites verwenden wir\u00a0<strong>eigene Cookies und Cookies von Drittanbietern.<\/strong>\u00a0Ein Cookie ist eine standardisierte Textdatei, die von Ihrem Browser f\u00fcr eine festgelegte Zeit gespeichert wird. Cookies erm\u00f6glichen die lokale Speicherung von Informationen wie bspw. Spracheinstellungen und tempor\u00e4ren Identifikationsmerkmalen, die von dem Server, der das Cookie gesetzt hat, bei nachfolgenden Website-Aufrufen abfragt werden k\u00f6nnen. Zudem erm\u00f6glichen uns die Cookies eine statistische Erfassung und Analyse des allgemeinen Nutzungsverhaltens beim Besuch unserer Websites. Dar\u00fcber hinaus setzen wir Services externer Dienstleister ein, die die bei der Nutzung unserer Website anfallenden Zugriffsdaten verarbeiten, um die Ausspielung f\u00fcr interessenbezogene Werbung bspw. im Rahmen von Suchanfragen zu erm\u00f6glichen.<\/p><p><strong>Technische Cookies<\/strong>\u00a0sind f\u00fcr die Performance unserer Webseite erforderlich und somit \u201eessenziell\u201c. Wir verwenden Cookies f\u00fcr die Bereitstellung unserer Dienste, zum Beispiel, um:<\/p><ol><li>zu erkennen, wenn Sie sich zur Nutzung unserer Dienste anmelden;<\/li><li>Funktionen, Produkte und Dienste anzubieten, die f\u00fcr Sie von Interesse sein k\u00f6nnten, insbesondere Anzeigen f\u00fcr unsere Dienste, sofern diese in der Interzero-Gruppe angeboten werden;<\/li><li>betr\u00fcgerische Aktivit\u00e4ten zu verhindern;<\/li><li>die Sicherheit zu verbessern;<\/li><li>Ihre Pr\u00e4ferenzen, z.B. f\u00fcr W\u00e4hrung und Sprache ber\u00fccksichtigen.<\/li><\/ol><p>Wir verwenden Cookies auch, um zu verstehen, wie Sie unsere Dienste nutzen, damit wir Verbesserungen vornehmen k\u00f6nnen. Wir verwenden Cookies zum Beispiel zur Durchf\u00fchrung von Recherchen und Diagnosen, um die Inhalte unserer Webseite zu verbessern und um die Leistung unserer Dienste zu messen und zu analysieren.<\/p><p><strong>Marketing-Cookies:\u00a0<\/strong>Wir verwenden Cookies auch, um bestimmte Arten von Anzeigen zu schalten, und f\u00fcr bestimmte Anzeigen, die aufgrund Ihrer Interessen relevant f\u00fcr Sie sind.<\/p><p><strong>Optionale Cookies und vergleichbare Technologien f\u00fcr Marketing- und Analysezwecke<\/strong>\u00a0setzen wir nur ein, wenn Sie hierzu Ihre Einwilligung f\u00fcr die Datenverarbeitung gem\u00e4\u00df Art. 6 Abs 1 lit a DSGVO und f\u00fcr die Daten\u00fcbermittlung in Drittstaaten gem\u00e4\u00df Art 49 Abs 1 lit a DSGVO \u00fcber unseren Cookie-Banner erteilt haben. Unter Ziffer 3.4 erl\u00e4utern wir Ihnen die Risiken, die mit der Daten\u00fcbermittlung in Drittstaaten einhergehen.<\/p><p>F\u00fcr die\u00a0<strong>Webanalyse und Werbezwecke<\/strong>\u00a0verwenden wir Cookies von Drittanbietern. N\u00e4here Informationen dazu erhalten Sie im weiteren Verlauf dieser Datenschutzerkl\u00e4rung.<\/p><p>Sie k\u00f6nnen Ihre erteilte\u00a0<strong>Einwilligung jederzeit widerrufen oder die Auswahl der Cookies anpassen<\/strong>, indem Sie im Cookie-Banner den Link zur Cookie Policy ausw\u00e4hlen und dort Ihre Einwilligung durch Setzen entsprechender H\u00e4kchen ausw\u00e4hlen. Hier wird Ihnen auch die Speicherdauer der einzelnen Cookies transparent angezeigt.<\/p><p>Wenn Sie Ihre Cookies l\u00f6schen, werden wir Sie bei einem sp\u00e4teren Seitenaufruf erneut um Ihre Einwilligung bitten.<\/p><p>Die verarbeiteten Daten l\u00f6schen wir, nachdem die Speicherung nicht mehr erforderlich ist, oder schr\u00e4nken die Verarbeitung ein, sollten gesetzliche Aufbewahrungspflichten bestehen.<\/p><p>Auch\u00a0<strong>zugelassene Drittanbieter<\/strong>\u00a0k\u00f6nnen Cookies setzen, wenn Sie mit uns interagieren. Zu diesen Drittanbietern geh\u00f6ren Suchmaschinen, Anbieter von Mess- und Analysediensten, Social-Media-Netzwerke und Werbefirmen. Drittanbieter verwenden Cookies bei der Bereitstellung von Werbeinhalten, insbesondere Anzeigen, die aufgrund Ihrer Interessen relevant f\u00fcr Sie sind, um die Effektivit\u00e4t ihrer Anzeigen zu messen und um Dienstleistungen f\u00fcr Sie zu erbringen.<\/p><p>Um zu sehen, welche zugelassenen Drittparteien Cookies wir verwenden und um Cookie-Einstellungen vorzunehmen, klicken Sie bitte unten links im Eck auf den Link zur Cookie Policy im Cookie Banner.<\/p><p><strong>Weitere Informationen zu Cookies:<\/strong><\/p><p>Technische Cookies verbleiben nach Ihrem letzten Besuch bei uns 13 Monate in Ihrem Browser. Ausgenommen davon sind Cookies, die Ihre Einstellungen zu pers\u00f6nlichen Informationen festhalten (wie zum Beispiel, Einstellungen f\u00fcr Werbung), die bis zu 5 Jahre in Ihrem Browser verbleiben k\u00f6nnen. Andere Cookies verbleiben in Ihrem Browser f\u00fcr 13 Monate nachdem Sie uns Ihre Zustimmung zur Verwendung dieser Cookies erteilt haben.<\/p><p>Wir werden Ihre Cookie-Einstellungen, mit dem Sie Ihre Auswahl getroffen haben sowie jeden weiteren Browser anwenden, bei dem Sie angemeldet sind. Wenn Sie nicht angemeldet sind, m\u00fcssen wir Ihre Auswahl unter Umst\u00e4nden erneut abfragen.<\/p><p>Alternativ dazu k\u00f6nnen Sie in den Einstellungen Ihres Browsers erfahren, wie Sie verhindern, dass Ihr Browser neue Cookies akzeptiert, wie Sie einstellen, dass Ihr Browser Sie benachrichtigt, wenn Sie ein neues Cookie empfangen, wie Sie Cookies deaktivieren und entfernen und wann Cookies ablaufen.<\/p><p>Dank der betriebstechnischen Cookies k\u00f6nnen Sie einige der wesentlichen Funktionen von uns nutzen. Wenn Sie technische Cookies \u00fcber Ihre Browsereinstellungen blockieren oder auf andere Weise ablehnen, werden einige Funktionen und Dienste m\u00f6glicherweise nicht mehr funktionieren.<\/p><p>Rechtsgrundlage f\u00fcr die Datenverarbeitung betreffend technisch notwendige Cookies ist Art 6 Abs 1 lit f DSGVO. Dar\u00fcber hinaus ist die Rechtsgrundlage der Datenverarbeitung Ihre Einwilligung nach Art 6 Abs 1 lit a DSGVO.<\/p><p><strong>2.5<\/strong><strong>\u00a0Anwendungen von Tag-Manager, Cookies und Plug-Ins<\/strong><\/p><p><strong>2.5.1. Google Tag Manager<\/strong><\/p><p>Unsere Webseite verwendet Google Tag-Manager, einen Dienst der Google LLC, 1600 Amphitheatre Parkway, Mountain View, CA 94043, USA (im Folgenden \u201e<strong>Google<\/strong>\u201c). Der Tag Manager dient der effizienteren Verwaltung von sogenannten Webseiten-Tags. Ein Webseiten-Tag ist ein Platzhalter, der im Quelltext unserer Webseite hinterlegt wird, um beispielsweise die Einbindung von h\u00e4ufig verwendeten Webseiten-Elementen (z. B. Code f\u00fcr den Webanalysedienst) zu erfassen. Der Google-Tag-Manger kommt ohne den Einsatz von Cookies aus. Teilweise werden dabei Daten auf einem Google-Server in den USA verarbeitet. Unter Ziffer 3.4 erl\u00e4utern wir Ihnen die Risiken, die mit der Daten\u00fcbermittlung in Drittstaaten einhergehenden.<\/p><p>Unter Ziffer 3.4 erl\u00e4utern wir Ihnen die Risiken, die mit der Daten\u00fcbermittlung in Drittstaaten einhergehenden.<\/p><p>Rechtsgrundlage ist Art 6 Abs 1 lit a DSGVO. Weitere Informationen finden Sie auch in den\u00a0<a href=\"https:\/\/support.google.com\/tagmanager\/answer\/6103697?hl=de&amp;topic=2574304&amp;ctx=topic&amp;rd=1\">Informationen von Google zum Tag-Manager<\/a>.<\/p><p>Sie k\u00f6nnen Ihre erteilte\u00a0<strong>Einwilligung jederzeit dadurch anpassen<\/strong>, indem Sie die Marketing Cookies im Cookie-Banner durch Setzen des H\u00e4kchens aktivieren oder durch Entfernen des H\u00e4kchens deaktivieren.<\/p><p><strong>2.5.2.<\/strong><strong>\u00a0Google Analytics<\/strong><\/p><p>Unsere Webseiten benutzen den Webanalysedienst Google Analytics, der von der Google Inc., 1600 Amphitheatre Parkway, Mountain View, CA 94043, USA (im Folgenden \u201e<strong>Google<\/strong>\u201c) angeboten wird.<\/p><p>Im Cookie-Banner k\u00f6nnen Sie der Weitergabe an und Verarbeitung von Google Analytics zustimmen oder die Weitergabe an und Verarbeitung ablehnen.<\/p><p>Soweit Sie der Verarbeitung und Weitergabe im Cookie-Banner zugestimmt haben, werden die Daten an Google \u00fcbertragen. Diese Zustimmung k\u00f6nnen Sie widerrufen, indem Sie die notwendigen Marketing Cookies durch Entfernen des H\u00e4kchens deaktivieren. Haben Sie der Verarbeitung nicht zugestimmt, werden keine Daten an Google \u00fcbertragen. Dies kann dazu f\u00fchren, dass Ihnen nicht alle Dienste unserer Website zur Verf\u00fcgung stehen.<\/p><p>Google Analytics verwendet Cookies, um Ihre Zugriffsdaten beim Besuch unserer Webseite zu erfassen. Die Zugriffsdaten werden von Google in unserem Auftrag zu pseudonymen Nutzungsprofilen zusammengefasst und an einen Google-Server in den USA \u00fcbertragen. Zuvor wird Ihre IP-Adresse anonymisiert. Wir k\u00f6nnen daher nicht feststellen, welche Nutzungsprofile zu einem bestimmten Nutzer geh\u00f6ren. Anhand der von Google erfassten Daten k\u00f6nnen wir Sie somit weder identifizieren noch feststellen, wie Sie unsere Webseite nutzen. Indem Sie im Cookie-Banner auf \u201eIch akzeptiere\u201c klicken, willigen Sie zugleich gem Art 49 Abs 1 S 1 lit a DSGVO ein, dass Ihre Daten in den USA verarbeitet werden. Die USA werden vom Europ\u00e4ischen Gerichtshof als ein Land mit einem nach EU-Standards unzureichenden Datenschutzniveau eingesch\u00e4tzt. Es besteht insbesondere das Risiko, dass Ihre Daten durch US-Beh\u00f6rden zu Kontroll- und zu \u00dcberwachungszwecken, m\u00f6glicherweise auch ohne Rechtsbehelfsm\u00f6glichkeiten, verarbeitet werden k\u00f6nnen. Wenn Sie auf \u201eNur essenzielle Cookies akzeptieren\u201c klicken, findet die vorgehend beschriebene \u00dcbermittlung nicht statt.<\/p><p>Google wird die durch die Cookies gewonnenen Informationen in unserem Auftrag verwenden, um die Nutzung unserer Webseite auszuwerten, Reports \u00fcber die Webseitenaktivit\u00e4ten zusammenzustellen und um weitere mit der Webseitennutzung und der Internetnutzung verbundene Dienstleistungen f\u00fcr uns zu erbringen. Weitere Informationen hierzu finden Sie auch in der\u00a0<a href=\"https:\/\/support.google.com\/analytics\/answer\/6004245?hl=de\">Datenschutzerkl\u00e4rung von Google Analytics<\/a>.<\/p><p>Sie k\u00f6nnen der oben beschriebenen Erstellung und Auswertung von pseudonymen Nutzungsprofilen durch Google jederzeit widersprechen. Hierzu haben Sie mehrere M\u00f6glichkeiten:<\/p><p>(1)\u00a0\u00a0 \u00a0Sie k\u00f6nnen Ihren Browser so einstellen, dass Cookies von Google Analytics blockiert werden.<\/p><p>(2)\u00a0\u00a0 \u00a0Sie k\u00f6nnen Ihre\u00a0<a href=\"https:\/\/www.google.de\/settings\/ads\">Google-Werbeanzeigen-Einstellungen bei Google<\/a>\u00a0anpassen.<\/p><p>(3)\u00a0\u00a0 \u00a0Sie k\u00f6nnen das von Google\u00a0<a href=\"https:\/\/tools.google.com\/dlpage\/gaoptout?hl=de\">https:\/\/tools.google.com\/dlpage\/gaoptout?hl=de<\/a>\u00a0bereitgestellte Deaktivierungs-Plug-in in Ihren Browsern Firefox, Edge oder Chrome installieren (diese Variante funktioniert nicht auf mobilen Ger\u00e4ten).<\/p><p>F\u00fcr den Fall, dass personenbezogene Daten in die USA \u00fcbertragen werden, sind von uns die EU-Standardvertragsklauseln mit den jeweiligen Anbietern zu schlie\u00dfen und eine Darlegung des Anbieters zu pr\u00fcfen, ob diese Klauseln und allenfalls zus\u00e4tzlich Seitens des Anbieters getroffene Ma\u00dfnahmen dem Datenschutzniveau der EU entsprechen.<\/p><p>Unter Ziffer 3.4 erl\u00e4utern wir Ihnen die Risiken, die mit der Daten\u00fcbermittlung in Drittstaaten einhergehenden.<\/p><p>Rechtsgrundlage f\u00fcr diese Datenverarbeitung ist Art 6 Abs 1 lit a DSGVO.<\/p><p><strong>2.5.3<\/strong><strong>\u00a0Einbindung von YouTube-Videos<\/strong><\/p><p>Wir haben YouTube-Videos in Teile unserer Webseite eingebunden. YouTube ist eine Videoplattform, die von dem Google-Unternehmen YouTube LLC, 901 Cherry Ave., San Bruno, CA 94066, USA (im Folgenden \u201e<strong>YouTube<\/strong>\u201c) betrieben wird.<\/p><p>Die eingebunden YouTube-Videos k\u00f6nnen direkt auf unserer Webseite abgespielt werden. Diese sind im \u201eerweiterten Datenschutz-Modus\u201c eingebunden, d. h., dass keine Daten \u00fcber Sie als Nutzer an YouTube \u00fcbertragen werden, wenn Sie die Videos\u00a0nicht abspielen.\u00a0<strong>Erst wenn Sie die Videos abspielen, werden Daten an YouTube \u00fcbertragen.<\/strong>\u00a0Auf diese Daten\u00fcbertragung haben wir keinen Einfluss. Dies obliegt Ihrer Entscheidung. Bitte w\u00e4gen Sie ab, ob Sie die Daten\u00fcbertragung in die USA m\u00f6chten oder nicht.<\/p><p>Durch das Abspielen eines Videos erhalten YouTube und Google die dabei anfallenden Zugriffsdaten sowie die Information, dass Sie die entsprechende Unterseite unserer Webseite aufgerufen haben. Dies erfolgt unabh\u00e4ngig davon, ob Sie bei YouTube oder Google eingeloggt sind oder nicht.<\/p><p>Wenn Sie bei Google eingeloggt sind, werden Ihre Daten direkt Ihrem Google-Konto zugeordnet, sobald das Video abgespielt wird. Wenn Sie die Zuordnung mit Ihrem Profil bei YouTube nicht w\u00fcnschen, m\u00fcssen Sie sich vor Abspielen eines Videos ausloggen.<\/p><p>YouTube und Google nutzen ggf. Ihre Zugriffsdaten f\u00fcr die Erstellung von Nutzungsprofilen f\u00fcr Zwecke der Werbung, Marktforschung und bedarfsgerechten Gestaltung ihrer eigenen Webseite. Ihnen steht ein Widerspruchsrecht gegen die Bildung dieser Nutzerprofile zu, wobei der Widerspruch direkt an YouTube bzw. Google zu richten ist. Weitere Informationen finden Sie auch in der f\u00fcr YouTube geltenden\u00a0<a href=\"https:\/\/policies.google.com\/privacy?hl=de&amp;gl=de\">Datenschutzerkl\u00e4rung von Google.<\/a><\/p><p>Unter Ziffer 3.4 erl\u00e4utern wir Ihnen die Risiken, die mit der Daten\u00fcbermittlung in Drittstaaten einhergehen.<\/p><p>Rechtsgrundlage der oben beschriebenen Datenverarbeitung, soweit wir daf\u00fcr verantwortlich sind, ist Art 6 Abs 1 lit a DSGVO.<\/p><p><strong>2.5.4. Google Maps<\/strong><\/p><p>Unsere Webseite verwendet den Kartendienst Google Maps der Google LLC, 1600 Amphitheatre Parkway, Mountain View, CA 94043, USA (im Folgenden \u201e<strong>Google<\/strong>\u201c). Damit das von uns benutzte Google-Kartenmaterial eingebunden und in Ihrem Webbrowser angezeigt werden kann, muss Ihr Webbrowser beim Aufruf der Kontaktseite eine Verbindung zu einem Server von Google, der sich auch in den USA befinden kann, aufnehmen.<\/p><p>Unter Ziffer 3.4 erl\u00e4utern wir Ihnen die Risiken, die mit der Daten\u00fcbermittlung in Drittstaaten einhergehenden.<\/p><p>Wenn Sie den Google-Kartendienst auf unserer Webseite aufrufen, w\u00e4hrend Sie in Ihrem Google-Profil eingeloggt sind, kann Google dieses Ereignis zudem mit Ihrem Google-Profil verkn\u00fcpfen. Wenn Sie die Zuordnung zu Ihrem Google-Profil nicht w\u00fcnschen, ist es erforderlich, dass Sie sich\u00a0<strong>vor dem Aufruf unserer Kontakt-Seite bei Google ausloggen<\/strong>. Google speichert Ihre Daten und nutzt sie f\u00fcr Zwecke der Werbung, Marktforschung und personalisierten Darstellung von Google Maps. Sie k\u00f6nnen dieser Datenerhebung gegen\u00fcber Google widersprechen.<\/p><p>N\u00e4here Informationen hierzu finden Sie in der Datenschutzerkl\u00e4rung von Google unter\u00a0<a href=\"https:\/\/policies.google.com\/privacy\">policies.google.com\/privacy<\/a>\u00a0und den zus\u00e4tzlichen Nutzungsbedingungen f\u00fcr Google Maps unter\u00a0<a href=\"https:\/\/www.google.com\/intl\/de_US\/help\/terms_maps.html\">www.google.com\/intl\/de_US\/help\/terms_maps.html<\/a>.<\/p><p>Ein Opt-Out hinsichtlich des Dienstes kann unter Opt-Out:\u00a0<a href=\"https:\/\/adssettings.google.com\/authenticated\">adssettings.google.com\/authenticated<\/a>\u00a0vorgenommen werden.<\/p><p>Rechtsgrundlage f\u00fcr diese Datenverarbeitung ist Art 6 Abs 1 lit a DSGVO.<\/p><p><strong>2.5.5. Google reCAPTCHA<\/strong><\/p><p>Um unsere Website vor automatischen, computergesteuerten Eingaben zu sch\u00fctzen, setzen wir den Dienst \u201ereCAPTCHA\u201c der Firma Google Inc., 1600 Amphitheatre Parkway, Mountain View, CA 94043 USA (im Folgenden \u201e<strong>reCAPTCHA<\/strong>\u201c) ein. Durch den Einsatz dieses Dienstes kann unterschieden werden, ob die entsprechende Eingabe menschlicher Herkunft ist oder durch automatisierte maschinelle Verarbeitung missbr\u00e4uchlich erfolgt.<\/p><p>Nach unserer Kenntnis werden die Referrer-URL, die IP-Adresse, das Verhalten der Webseitenbesucher, Informationen \u00fcber Betriebssystem, Browser und Verweildauer, Cookies, Darstellungsanweisungen und Skripte, das Eingabeverhalten des Nutzers sowie Mausbewegungen im Bereich der \u201ereCAPTCHA\u201c-Checkbox an \u201eGoogle\u201c \u00fcbertragen.<\/p><p>Die im Rahmen von \u201ereCAPTCHA\u201c \u00fcbermittelte IP-Adresse wird nicht mit anderen Daten von Google zusammengef\u00fchrt, au\u00dfer Sie sind zum Zeitpunkt der Nutzung des \u201ereCAPTCHA\u201c-Plug-ins bei Ihrem Google-Account angemeldet. Wenn Sie diese \u00dcbermittlung und Speicherung von Daten \u00fcber Sie und Ihr Verhalten auf unserer Webseite durch \u201eGoogle\u201c unterbinden wollen, m\u00fcssen Sie sich\u00a0<strong>bei \u201eGoogle\u201c ausloggen<\/strong>\u00a0und zwar bevor Sie unsere Seite besuchen bzw. das reCAPTCHA Plug-in benutzen.<\/p><p>Die Nutzung des Dienstes \u201ereCAPTCHA\u201c erlangten Informationen erfolgt gem\u00e4\u00df den Google-Nutzungsbedingungen:\u00a0<a href=\"https:\/\/www.google.com\/intl\/de\/policies\/privacy\/\">https:\/\/www.google.com\/intl\/de\/policies\/privacy\/<\/a>.<\/p><p>Wenn Sie die Daten\u00fcbertragung in die USA nicht w\u00fcnschen, k\u00f6nnen Sie sich jederzeit unter\u00a0<a href=\"https:\/\/adssettings.google.com\/authenticated\">https:\/\/adssettings.google.com\/authenticated<\/a>\u00a0abmelden.<\/p><p>Unter Ziffer 3.4 erl\u00e4utern wir Ihnen die Risiken, die mit der Daten\u00fcbermittlung in Drittstaaten einhergehenden.<\/p><p>Rechtsgrundlage f\u00fcr die beschriebene Datenverarbeitung ist Art 6 Abs 1 lit a DSGVO.<\/p><p><strong>2.5.6. Facebook<\/strong><\/p><p>Auf einigen unserer Websites sind Funktionen des sozialen Netzwerks Facebook (sogenannte Plug-ins) enthalten. Diese Plug-ins werden von der Meta Platforms, Inc., 1601 S. California Ave, Palo Alto, CA 94304, USA (im Folgenden \u201e<strong>Facebook<\/strong>\u201c) betrieben. Facebook und wir sind hier gemeinsame Verantwortliche im Sinne der DSGVO.<\/p><p>Beim Besuch einer Website, die ein von Ihnen aktiviertes Plug-in beinhaltet, stellt Ihr Browser eine direkte Verbindung mit den Servern von Facebook her, wodurch der Inhalt des Plug-ins (z.B. \u201eGef\u00e4llt mir\u201c- oder Teilen-Button) an Ihren Browser \u00fcbermittelt und von diesem in unsere Websites eingebunden werden. Hierdurch wird die Information, dass Sie unsere Websites besucht haben, an Facebook weitergeleitet. Sofern Sie w\u00e4hrend des Besuchs unserer Websites \u00fcber Ihr pers\u00f6nliches Benutzerkonto bei Facebook eingeloggt sind, kann Facebook den Websitebesuch diesem Konto zuordnen.<\/p><p>Durch Interaktion mit Plug-ins, z.B. durch Anklicken des \u201eGef\u00e4llt mir\u201c-Buttons oder Hinterlassen eines Kommentars, werden die entsprechenden Informationen direkt durch Facebook erhoben und dort gespeichert. Wenn Sie dies unterbinden m\u00f6chten, m\u00fcssen Sie sich\u00a0<strong>vor der Aktivierung von Plug-ins aus Ihrem Facebook-Account ausloggen<\/strong>.<\/p><p>Zweck und Umfang der Datenerhebung durch Facebook sowie die dortige weitere Verarbeitung und Nutzung Ihrer Daten wie auch Ihre diesbez\u00fcglichen Rechte und Einstellungsm\u00f6glichkeiten zum Schutz Ihrer Privatsph\u00e4re entnehmen Sie bitte den Datenschutzhinweisen von Facebook (<a href=\"http:\/\/de-de.facebook.com\/privacy\/explanation.php\">http:\/\/de-de.facebook.com\/privacy\/explanation.php<\/a>).<\/p><p>Unter Ziffer 3.4 erl\u00e4utern wir Ihnen die Risiken, die mit der Daten\u00fcbermittlung in Drittstaaten einhergehen.<\/p><p>Rechtsgrundlage der oben beschriebenen Datenverarbeitung, soweit wir daf\u00fcr verantwortlich sind, ist Art. 6 Abs 1 lit a DSGVO.<\/p><p><strong>2.5.6. Leadinfo<\/strong><\/p><p>Wir nutzen den Lead-Generation-Service von Leadinfo B.V., Rotterdam, Niederlande. Dieser erkennt Besuche von Unternehmen auf unserer Website anhand von IP-Adressen und zeigt uns hierzu \u00f6ffentlich verf\u00fcgbare Informationen, wie z.B. Firmennamen oder Adressen. Dar\u00fcber hinaus setzt Leadinfo zwei First-Party-Cookies zur Auswertung des Nutzerverhaltens auf unserer Website und verarbeitet Domains aus Formulareingaben (z.B. \u201eleadinfo.com\u201c), um IP-Adressen mit Unternehmen zu korrelieren und die Services zu verbessern. Weitere Informationen finden Sie unter www.leadinfo.com. Auf dieser Seite:\u00a0<a href=\"http:\/\/www.leadinfo.com\/en\/opt-out\" target=\"_blank\" rel=\"noopener\">www.leadinfo.com\/en\/opt-out\u00a0<\/a>haben Sie eine Opt-out M\u00f6glichkeit. Im Falle eines Opt-outs werden Ihre Daten von Leadinfo nicht mehr erfasst.<\/p><p><strong>2.5.7. Hotjar<\/strong><\/p><p>\u201eWir verwenden Hotjar, um die Bed\u00fcrfnisse unserer Benutzer besser zu verstehen und diesen Service und ihre Erfahrung zu optimieren. Hotjar ist ein Technologiedienst, der uns hilft, das Nutzerverhalten besser zu verstehen (z. B. wie viel Zeit sie auf welchen Seiten verbringen, welche Links sie w\u00e4hlen, was Benutzer m\u00f6gen und nicht m\u00f6gen usw.) und uns so erm\u00f6glicht, unseren Service mit Benutzerfeedback aufzubauen und zu pflegen. Hotjar verwendet Cookies und andere Technologien, um Daten zum Verhalten unserer Benutzer und deren Ger\u00e4ten zu sammeln. Dazu geh\u00f6ren die IP-Adresse eines Ger\u00e4ts (verarbeitet w\u00e4hrend Ihrer Sitzung und in einer deidentifizierten Form gespeichert), die Bildschirmgr\u00f6\u00dfe des Ger\u00e4ts, den Ger\u00e4tetyp (eindeutige Ger\u00e4tekennungen), Browserinformationen, geografische Standorte (nur Land), und die bevorzugte Sprache, die zur Anzeige unserer Website verwendet wird. Hotjar speichert diese Informationen in einem pseudonymisierten Benutzerprofil in unserem Auftrag. Hotjar ist vertraglich verpflichtet, keine der in unserem Auftrag gesammelten Daten zu verkaufen.\u201c<br \/>F\u00fcr weitere Details siehe den Abschnitt \u201e\u00dcber Hotjar\u201c auf der\u00a0<a href=\"https:\/\/help.hotjar.com\/hc\/de\/sections\/115003204947\">Hotjar-Supportseite<\/a>.\u201c<\/p><p><strong>2.6.<\/strong><strong>\u00a0Datenverarbeitung bei Social-Media-Pr\u00e4senzen<\/strong><\/p><p><strong>2.6.1.<\/strong><strong>\u00a0Facebook Fanpage<\/strong><\/p><p>Wir betreiben eine Facebook Fanpage (im Folgenden \u201e<strong>Fanpage<\/strong>\u201c) auf dem sozialen Netzwerk der Meta Platforms Ireland Ltd., 4 Grand Canal Square, Dublin 2, Irland (im Folgenden \u201e<strong>Facebook<\/strong>\u201c) in gemeinsamer Verantwortung mit Facebook, um dort unter anderem mit Nutzern und Followern (wie z.B. unseren Kunden und Interessenten) zu kommunizieren und \u00fcber unsere Produkte und Leistungen zu informieren.<\/p><p>Dabei k\u00f6nnen wir von Facebook Statistiken zur Nutzung unserer Fanpage durch Facebook-\/Fanpage-Nutzer und erhalten, z.B. Angaben \u00fcber Interaktionen, Likes, Kommentare oder zusammengefasste Informationen und Statistiken (z.B. zu Alter oder Herkunft der Nutzer und unseren Follower), die uns helfen, etwas \u00fcber die Interaktionen mit unserer Seite zu erfahren. N\u00e4here Informationen zu Art und Umfang dieser Statistiken finden Sie in den Facebook-Seitenstatistiken-Hinweisen. Weitere Informationen zu den jeweiligen Verantwortlichkeiten erhalten Sie in der Facebook-Seiten-Insights-Erg\u00e4nzung.(<a href=\"https:\/\/www.facebook.com\/legal\/terms\/page_controller_addendum\">https:\/\/www.facebook.com\/legal\/terms\/page_controller_addendum<\/a><\/p><p>Auf Daten, die durch Facebook dabei in eigener Verantwortung nach den Nutzungsbedingungen von Facebook verarbeitet werden, haben wir keinen Einfluss. Wir weisen aber darauf hin, dass beim Besuch der Fanpage Daten von Ihrem Nutzungsverhalten von Facebook und der Fanpage zu Facebook \u00fcbertragen werden. Facebook selbst verarbeitet die vorgenannten Informationen, um detailliertere Statistiken zu erstellen und f\u00fcr eigene Marktforschungs- und Werbezwecke zu verwenden, auf die wir keinen Einfluss haben. N\u00e4here Informationen hierzu finden Sie in der Datenschutzrichtlinie von Facebook.<\/p><p>Soweit wir beim Betrieb der Fanpage Ihre personenbezogenen Daten erhalten, stehen Ihnen dazu die in Ziffer 7 dieser Datenschutzerkl\u00e4rung genannten Rechte zu. Wenn Sie dar\u00fcber hinaus Ihre Rechte gegen\u00fcber Facebook geltend machen wollen, k\u00f6nnen Sie sich hierf\u00fcr am einfachsten direkt an Facebook wenden. Facebook kennt sowohl die Details zum technischen Betrieb der Plattform und die damit verbundene Datenverarbeitung als auch die konkreten Zwecke der Datenverarbeitung und kann auf Anfrage hin entsprechende Ma\u00dfnahmen umsetzen, wenn Sie von Ihren Rechten Gebrauch machen. Gern unterst\u00fctzen wir Sie bei der Geltendmachung Ihrer Rechte, soweit es uns m\u00f6glich ist, und leiten Ihre Anfragen an Facebook weiter.<\/p><p>Die Datenschutzinformation von Facebook zu Seiten-Insights-Daten finden Sie hier.\u00a0<a href=\"https:\/\/de-de.facebook.com\/legal\/terms\/information_about_page_insights_data\">https:\/\/de-de.facebook.com\/legal\/terms\/information_about_page_insights_data<\/a><\/p><p>Wir erhalten von Facebook vor allem folgende Datenkategorien in anonymisierter Form:<\/p><p><strong>Informationen \u00fcber Personen:<\/strong><\/p><ul><li>Personen, denen unsere Fanpage \u201egef\u00e4llt\u201c: Geschlecht, Alter, Wohnort und Sprache,<\/li><li>Erreichte Personen: Personen, f\u00fcr die unser Beitrag in den letzten 28 Tagen geschaltet wurde,<\/li><li>Interagierende Personen: Personen, die in den letzten 28 Tagen unsere Beitr\u00e4ge mit \u201eGef\u00e4llt mir\u201c markiert, kommentiert, geteilt oder sonstige Interaktionen auf unserer Seite vorgenommen haben.<\/li><\/ul><p><strong>Informationen \u00fcber \u201eGef\u00e4llt mir\u201c-Angaben:<\/strong><\/p><ul><li>Gesamtzahl der \u201eGef\u00e4llt mir\u201c-Angaben f\u00fcr die Fanpage,<\/li><li>Zahl der neuen \u201eGef\u00e4llt mir\u201c-Angaben,<\/li><li>Gliederung der \u201eGef\u00e4llt mir\u201c-Angaben nach Herkunft (Land, Stadt, Ort), Geschlecht, Alter und Sprache.<\/li><\/ul><p><strong>Reichweite:<\/strong><\/p><ul><li>Beitragsreichweite: Anzahl der Personen, f\u00fcr die unser Beitrag bereitgestellt wurde, aufgeschl\u00fcsselt nach bezahlter und organischer Reichweite,<\/li><li>Positive Interaktionen: \u201eGef\u00e4llt mir\u201c-Angaben, Kommentare, geteilte Inhalte und Empfehlungen,<\/li><li>Negative Interaktionen: Verborgene Beitr\u00e4ge, als Spam gemeldet, \u201eGef\u00e4llt mir nicht mehr\u201c,<\/li><li>Anzahl der Fanpage-Abonnenten,<\/li><li>Gesamte Reichweite: Anzahl an Personen, denen eine Handlung von unserer Seite angezeigt wurde.<\/li><\/ul><p><strong>Informationen \u00fcber Besuche:<\/strong><\/p><ul><li>Seiten- und Reiteraufrufe: Informationen, wie oft jeder Reiter und jeder Button (z.B. Webseiten-, Telefonnummer-, \u201eRoute planen\u201c-Button) unserer Fanpage angezeigt bzw. angeklickt wurde,<\/li><li>Besucherverhalten: Informationen, ob der Besucher mit der Maus \u00fcber den Namen oder das Profilbild der Fanpage f\u00e4hrt, um eine Vorschau der Seiteninhalte zu sehen sowie Informationen, ob Fanpage-Besucher auf einem Computer oder Mobilger\u00e4t angemeldet ist,<\/li><li>externe Verweise: Informationen, wie h\u00e4ufig Personen von einer Webseite au\u00dferhalb von Facebook \u00fcber einen Link auf unsere Fanpage gelangten.<\/li><\/ul><p><strong>Informationen \u00fcber Beitr\u00e4ge:<\/strong><\/p><ul><li>Onlineverhalten unserer \u201eFans\u201c: Angabe, wann die Personen, denen unsere Seite \u201egef\u00e4llt\u201c, auf Facebook sind,<\/li><li>Beitragsarten: Informationen \u00fcber den Erfolg der einzelnen Beitragsarten auf Grundlage der durchschnittlichen Reichweite und Interaktion,<\/li><li>Beliebteste Beitr\u00e4ge von Seiten, die wir im Auge behalten: Anzeige von Interaktionen zu Beitr\u00e4gen von Seiten, die wir im Auge behalten.<\/li><\/ul><p><strong>Informationen \u00fcber Videos:<\/strong><\/p><ul><li>Videoaufrufe: Informationen, wie oft die Videos unserer Fanpage mehr als drei Sekunden angesehen wurden,<\/li><li>30-Sekunden-Aufrufe: Informationen, wie oft die Videos unserer Fanpage mehr als 30 Sekunden angesehen wurden. Wenn unser Video k\u00fcrzer als 30 Sekunden ist, werden jene Personen gez\u00e4hlt, die das Video zu 95% angesehen haben,<\/li><li>Top-Videos: Informationen \u00fcber die am meisten f\u00fcr mindestens drei Sekunden angesehenen Videos auf unserer Fanpage.<\/li><\/ul><p>Unter Ziffer 3.4 erl\u00e4utern wir Ihnen die Risiken, die mit der Daten\u00fcbermittlung in Drittstaaten einhergehenden.<\/p><p>Rechtsgrundlage f\u00fcr diese Datenverarbeitung ist Art 6 Abs 1 lit a DSGVO.<\/p><p><strong>2.6.2.<\/strong><strong>\u00a0Sonstige Social-Media-Pr\u00e4senzen<\/strong><\/p><p>Interzero ist in folgenden sozialen Netzwerken mit eigenen Social-Media-Pr\u00e4senzen vertreten und f\u00fcr Sie erreichbar:<\/p><ol><li>Facebook: https:\/\/www.facebook.com\/ressourcenoptimierer<\/li><li>LinkedIn: https:\/\/www.linkedin.com\/company\/interzero-austria<\/li><li>Youtube: https:\/\/www.youtube.com\/@interzero-austria<\/li><\/ol><p>Wir haben weiters eine Fanpage auf der Social-Media-Plattform LinkedIn (LinkedIn Corporation, 2029 Stierlin Court, Mountain View, CA 94043, USA; im Folgenden \u201e<strong>LinkedIn<\/strong>\u201c). Wir informieren Sie dort \u00fcber Neuigkeiten und Aktivit\u00e4ten von Interzero und nutzen gern die M\u00f6glichkeiten der sozialen Netzwerke, um direkt mit deren Mitgliedern zu kommunizieren. Verarbeitete Daten sind insbesondere Daten zum Nutzerverhalten, Informationen zum benutzten Ger\u00e4t und IP-Adressen.<\/p><p>Beachten Sie jedoch, dass wir keinen Einfluss auf die Datenverarbeitung der sozialen Netzwerke haben. Bitte pr\u00fcfen Sie daher sorgf\u00e4ltig, welche pers\u00f6nlichen Informationen und Nachrichten Sie uns \u00fcber die sozialen Netzwerke mitteilen und nutzen Sie im Zweifel andere von uns angebotene Kontaktm\u00f6glichkeiten. Wir k\u00f6nnen daher keine Haftung f\u00fcr das Verhalten der Betreiber der sozialen Netzwerke und ihrer anderen Mitglieder \u00fcbernehmen. Bitte beachten Sie, dass wenn Sie auf ein Social-Media-Plug-In klicken, auch Daten vom Betreiber der Social-Media-Pr\u00e4senz erhoben werden k\u00f6nnen, auch wenn Sie nicht bei dieser Social-Media-Pr\u00e4senz angemeldet sind. Die Datenschutzerkl\u00e4rung von LinkedIn finden Sie hier:\u00a0<a href=\"https:\/\/de.linkedin.com\/legal\/privacy-policy\">https:\/\/de.linkedin.com\/legal\/privacy-policy<\/a><\/p><p>Wenn Sie mit uns \u00fcber unsere Social-Media-Pr\u00e4senzen kommunizieren, verarbeiten wir die uns hierzu vom jeweiligen sozialen Netzwerk zug\u00e4nglich gemachten Informationen (z. B. Ihren Namen, Ihre Profilseite und die Inhalte Ihrer an uns gerichteten Mitteilungen) entsprechend dem Zweck Ihrer Mitteilung (z. B. Service-Anliegen, Anregungen und Kritik).<\/p><p>Die dabei anfallenden Daten l\u00f6schen wir, nachdem die Speicherung nicht mehr erforderlich ist, oder schr\u00e4nken die Verarbeitung ein, falls gesetzliche Aufbewahrungspflichten bestehen. Bei \u00f6ffentlichen Posts auf unseren Social-Media-Pr\u00e4senzen entscheiden wir im Einzelfall unter Abw\u00e4gung Ihrer und unserer Interessen, ob und ggf. wann wir diese dort l\u00f6schen.<\/p><p>\u00dcber den Datenschutz dieser Anbieter k\u00f6nnen Sie sich jeweils auf den jeweiligen Seiten informieren. Um Ihre k\u00fcnftigen Besuche zu erleichtern, speichern wir Ihre Zustimmung in unseren Cookies-Dokumentationen. Diese Zustimmung k\u00f6nnen Sie unter\u00a0<a href=\"mailto:office@interzero.at\">office@interzero.at<\/a>\u00a0jederzeit widerrufen.<\/p><p>Unter Ziffer 3.4 erl\u00e4utern wir Ihnen die Risiken, die mit der Daten\u00fcbermittlung in Drittstaaten einhergehenden.<\/p><p>Die Rechtsgrundlage f\u00fcr die oben beschriebene Datenverarbeitung richtet sich nach dem Zweck Ihrer Mitteilung. Soweit der Zweck in der Inanspruchnahme unseres Kundenservice oder der Anfrage von Leistungen von Interzero liegt, ist die Rechtsgrundlage Art 6 Abs 1 lit b DSGVO. Im \u00dcbrigen ist die Rechtsgrundlage Art 6 Abs 1 lit f DSGVO.Soweit Sie in die Verarbeitung der oben genannten Daten eingewilligt haben, ist die Rechtsgrundlage Art 6 Abs 1 lit a DSGVO.<\/p><h3><strong>3<\/strong><strong>. Weitergabe von Daten<\/strong><\/h3><p><strong>3<\/strong><strong>.1.\u00a0\u00a0 \u00a0Grundsatz<\/strong><\/p><p>Wir geben Ihre Daten grunds\u00e4tzlich nur weiter, wenn:<\/p><ol><li>Sie nach Art 6 Abs 1 lit a DSGVO Ihre ausdr\u00fcckliche Einwilligung dazu erteilt haben, oder<\/li><li>die Weitergabe nach Art 6 Abs 1 lit f DSGVO zur Geltendmachung, Aus\u00fcbung oder Verteidigung von Rechtsanspr\u00fcchen eines Interzero-Unternehmens erforderlich ist und kein Grund zur Annahme besteht, dass Sie ein \u00fcberwiegendes schutzw\u00fcrdiges Interesse am Unterbleiben der Weitergabe Ihrer Daten haben, oder<\/li><li>wir nach Art 6 Abs 1 lit c DSGVO zur Weitergabe gesetzlich verpflichtet sind oder<\/li><li>die Weitergabe gesetzlich zul\u00e4ssig und nach Art 6 Abs 1 lit b DSGVO f\u00fcr die Abwicklung von Vertragsverh\u00e4ltnissen mit Ihnen oder f\u00fcr die Durchf\u00fchrung vorvertraglicher Ma\u00dfnahmen erforderlich ist, die auf Ihre Anfrage hin erfolgen.<\/li><\/ol><p><strong>3<\/strong><strong>.2.<\/strong><strong>\u00a0Datenweitergabe innerhalb der Interzero-Gruppe<\/strong><\/p><p>Eine Weitergabe Ihrer Nachricht an ein anderes Unternehmen innerhalb der Interzero-Gruppe erfolgt nur, soweit dies zur Bearbeitung Ihres Anliegens erforderlich ist (beispielsweise leiten wir Ihre Nachricht an ein anderes Unternehmen der Interzero-Gruppe weiter, wenn dieses f\u00fcr Ihr Anliegen zust\u00e4ndig ist).<\/p><p>Falls Sie nicht m\u00f6chten, dass Ihre Nachricht m\u00f6glicherweise an ein anderes Unternehmen der Interzero-Gruppen weitergegeben wird, k\u00f6nnen Sie uns dies \u2013 selbstverst\u00e4ndlich auch vorsorglich \u2013 direkt in Ihrer Nachricht mitteilen. Wir werden Ihre Nachricht dann nicht weiterleiten.<\/p><p>Rechtsgrundlage f\u00fcr diese Datenverarbeitung ist Art 6 Abs 1 lit b DSGVO, soweit ein Vertragsverh\u00e4ltnis vorliegt; bei Vorlage eines berechtigten Interesses Art 6 Abs 1 lit f DSGVO.<\/p><p><strong>3.3.<\/strong><strong>\u00a0\u00a0 \u00a0Weitergabe an externe Dienstleister der Interzero (Auftragsverarbeiter)<\/strong><\/p><p>Ein Teil der in dieser Datenschutzerkl\u00e4rung beschriebenen Datenverarbeitungen kann in unserem Auftrag durch externe Dienstleister erfolgen. Neben den in dieser Datenschutzerkl\u00e4rung genannten Dienstleistern k\u00f6nnen hierzu insbesondere Rechenzentren, die unsere Webseite und Datenbanken speichern, IT-Dienstleister, die unsere Systeme warten, sowie Beratungsunternehmen (wie beispielsweise Steuerberater) geh\u00f6ren.<\/p><p>Sofern wir Daten an unsere Dienstleister weitergeben, d\u00fcrfen diese die Daten ausschlie\u00dflich zur Erf\u00fcllung ihrer Aufgaben verwenden. Die Dienstleister wurden von uns sorgf\u00e4ltig ausgew\u00e4hlt und beauftragt. Sie sind vertraglich an unsere Weisungen gebunden, verf\u00fcgen \u00fcber geeignete technische und organisatorische Ma\u00dfnahmen zum Schutz der Rechte der betroffenen Personen und werden von uns regelm\u00e4\u00dfig kontrolliert.<\/p><p>Falls wir Ihre Daten \u00fcber diese Datenschutzerkl\u00e4rung hinaus an einen Dienstleister mit Sitz in einem Staat au\u00dferhalb des Europ\u00e4ischen Wirtschaftsraumen (EWR) weitergeben, informieren wir Sie ggf. gesondert \u00fcber diesen Umstand und auf welche konkreten Garantien der Datentransfer gest\u00fctzt wird. Sofern Sie Kopien von Garantien zum Nachweis eines angemessenen Datenschutzniveaus erhalten m\u00f6chten, wenden Sie sich bitte an unseren Kontakt in Datenschutzangelegenheiten (siehe dazu oben Ziffer\u00a01).<\/p><p><strong>3.4 Daten\u00fcbermittlung in Drittstaaten<\/strong><\/p><p>Wie in dieser Datenschutzerkl\u00e4rung erl\u00e4utert setzen wir verschiedene Dienste ein, deren Anbieter teilweise in sogenannten \u201enicht sicheren\u201c Drittstaaten (wie den USA) sitzen, also Staaten, deren Datenschutzniveau nach Ansicht der Europ\u00e4ischen Kommission nicht dem der Europ\u00e4ischen Union entspricht. Soweit dies der Fall ist und die Europ\u00e4ische Kommission f\u00fcr diese Staaten keinen Angemessenheitsbeschluss (Art 45 DSGVO) erlassen hat, haben wir Vorkehrungen getroffen, um ein angemessenes Datenschutzniveau f\u00fcr etwaige Daten\u00fcbertragungen zu gew\u00e4hrleisten. Hierzu z\u00e4hlen u.a. die Verwendung von Standardvertragsklauseln der Europ\u00e4ischen Union oder verbindliche interne Datenschutzvorschriften.<\/p><p>Wo dies nicht m\u00f6glich ist, st\u00fctzen wir die Daten\u00fcbermittlung auf Ausnahmen des Art. 49 DSGVO, insbesondere Ihre ausdr\u00fcckliche Einwilligung oder die Erforderlichkeit der \u00dcbermittlung zur Vertragserf\u00fcllung.<\/p><p>Sofern eine Drittstaaten\u00fcbermittlung vorgesehen ist und kein Angemessenheitsbeschluss oder geeignete Garantien vorliegen, ist es m\u00f6glich und besteht das Risiko, dass Beh\u00f6rden im jeweiligen Drittland (z.B. Geheimdienste) Zugriff auf die \u00fcbermittelten Daten erlangen k\u00f6nnen, um diese zu erfassen und zu analysieren. Zudem kann es sein, dass eine Durchsetzbarkeit Ihrer Betroffenenrechte nicht gew\u00e4hrleistet werden kann.<\/p><p>Bei Einholung Ihrer Einwilligung \u00fcber das Cookie-Banner k\u00f6nnen Sie hier\u00fcber ebenfalls \u00fcber die Datenschutzerkl\u00e4rung informiert werden.<\/p><h3><strong>4. Datenverarbeitung bei Nutzung unseres Karriereportals<\/strong><\/h3><p>Sie k\u00f6nnen sich bei uns \u00fcber unser\u00a0<a href=\"https:\/\/career.interzero.at\/\">Karriereportal<\/a>\u00a0auf offene Stellen bewerben. Zweck der Datenerhebung ist die Bewerberauswahl zur m\u00f6glichen Begr\u00fcndung eines Besch\u00e4ftigungsverh\u00e4ltnisses. Wir arbeiten hier mit dem Dienstleister TalentLyft, Stubi\u010dka ul. 50B, 10000, Zagreb, Kroatien (im Folgenden \u201e<strong>Talentlyft<\/strong>\u201c), zusammen, wobei wir einen Vertrag mit TalentLyft zur Bewerbungsverarbeitung abgeschlossen, in der vereinbart wurde, dass TalentLyft die Daten nur nach unserer Weisung verarbeiten darf, getrennt von anderen Kundendaten gesichert abgespeichert und das Datenschutzniveau der DSGVO eingehalten wird.<\/p><p>N\u00e4here Informationen zur Datenverarbeitung durch TalentLyft finden Sie in der Datenschutzerkl\u00e4rung unter<a href=\"https:\/\/help.talentlyft.com\/en\/articles\/21992-privacy-policyvacy%20Policy%20%7C%20TalentLyf%20Help%20Center%20(talentlyft.com%20)\">https:\/\/help.talentlyft.com\/en\/articles\/21992-privacy-policyvacy Policy | TalentLyf Help Center (talentlyft.com )<\/a>. F\u00fcr eine direkte Bewerbung an\u00a0<a href=\"mailto:karriere@interzero.at\">karriere@interzero.at<\/a>\u00a0ben\u00f6tigen und verarbeiten wir insbesondere folgende Daten: Vor- und Nachname, E-Mail-Adresse, Telefonnummer, Anschrift, Bewerbungsunterlagen (z. B. Zeugnisse, Lebenslauf), Datum des fr\u00fchestm\u00f6glichen Jobeinstiegs und Gehaltsvorstellung.<\/p><p>Rechtsgrundlage f\u00fcr die Verarbeitung Ihrer Bewerbungsunterlagen ist Art 6 Abs 1 lit b DSGVO.<\/p><h3><strong>5. Speicherdauer<\/strong><\/h3><p>Soweit in dieser Datenschutzerkl\u00e4rung keine anderen Angaben gemacht werden, speichern und verwenden wir Ihre Daten nur solange, wie dies zur Erf\u00fcllung unserer vertraglichen oder gesetzlichen Pflichten oder die Zwecke, zu denen die Daten erhoben wurden, erforderlich ist.<\/p><p>Danach l\u00f6schen wir die Daten unverz\u00fcglich, es sei denn, wir ben\u00f6tigen die Daten noch bis zum Ablauf der gesetzlichen Verj\u00e4hrungsfrist zu Beweiszwecken f\u00fcr zivilrechtliche Anspr\u00fcche oder wegen gesetzlicher Aufbewahrungspflichten; das sind bis zu 30 Jahre.<\/p><p>Aus steuerrechtlichen Gr\u00fcnden speichern wir Unterlagen und personenbezogene Daten betreffend Vertragsverh\u00e4ltnisse f\u00fcr die Dauer von 10 Jahren.<\/p><p>Daten von Bewerbern, die nicht eingestellt werden, werden sieben Monate nach Abschluss des Bewerbungsverfahrens gel\u00f6scht, sofern keine Zustimmung f\u00fcr eine Evidenzhaltung vorliegt. F\u00fcr Mitarbeiter gelten unsere internen Datenschutzinformationen f\u00fcr Mitarbeiter, die im Bewerbungsverfahren angefragt werden k\u00f6nnen.<\/p><p>Die Rechtsgrundlage dieser Datenverarbeitung zu Zwecken der Erf\u00fcllung von gesetzlichen Dokumentations- und Aufbewahrungspflichten ist Art 6 Abs 1 lit c DSGVO.<\/p><h3><strong>6. Ihre Rechte<\/strong><\/h3><p>Um Ihre im Folgenden beschriebenen gesetzlichen Betroffenenrechte geltend zu machen, k\u00f6nnen Sie sich jederzeit an unseren Kontakt betreffend Datenschutzthemen wenden (siehe Ziffer 1):<\/p><ol><li>Sie haben das\u00a0<strong>Recht auf Geheimhaltung<\/strong>\u00a0der Sie betreffenden personenbezogenen Daten, soweit ein schutzw\u00fcrdiges Interesse daran besteht.<\/li><li>Ihnen steht jederzeit das Recht zu,\u00a0<strong>Auskunft \u00fcber die Verarbeitung<\/strong>\u00a0Ihrer personenbezogenen Daten durch uns zu verlangen. Wir werden Ihnen im Rahmen der Auskunftserteilung die Datenverarbeitung erl\u00e4utern und eine \u00dcbersicht der \u00fcber die zu Ihrer Person verarbeiteten Daten zur Verf\u00fcgung stellen.<\/li><li>Falls bei uns gespeicherte Daten falsch oder nicht mehr aktuell sein sollten, haben Sie das Recht, diese Daten\u00a0<strong>berichtigen bzw vervollst\u00e4ndigen<\/strong>\u00a0zu lassen.<\/li><li>Sie k\u00f6nnen au\u00dferdem die\u00a0<strong>L\u00f6schung<\/strong>\u00a0(allenfalls eine\u00a0<strong>Einschr\u00e4nkung der Verarbeitung<\/strong>) Ihrer Daten verlangen, und zwar insbesondere, wenn die Daten nicht mehr notwendig sind, eine Einwilligung widerrufen wird und eine anderweitige Rechtsgrundlage f\u00fcr eine Verarbeitung fehlt, die Verarbeitung unrechtm\u00e4\u00dfig erfolgt ist oder die L\u00f6schung zur Erf\u00fcllung einer rechtlichen Verpflichtung erforderlich ist. Das Recht auf L\u00f6schung ist nach der DSGVO dann eingeschr\u00e4nkt, wenn die Daten zur Verteidigung von Rechtsanspr\u00fcchen dienen oder die Verarbeitung zur Erf\u00fcllung einer rechtlichen Verpflichtung erforderlich ist.<\/li><li>Sie k\u00f6nnen die Verarbeitung Ihrer Daten au\u00dferdem\u00a0<strong>einschr\u00e4nken<\/strong>\u00a0lassen; dies dient dazu, den Gebrauch von Daten einzuschr\u00e4nken, ohne sie zu l\u00f6schen.<\/li><li>Ihnen steht das\u00a0<strong>Recht auf Daten\u00fcbertragbarkeit<\/strong>\u00a0zu, d. h. dass wir Ihnen auf Wunsch eine digitale Kopie der von Ihnen bereitgestellten personenbezogenen Daten zukommen lassen. Gemeint ist hier das Recht, Daten in einem strukturierten, g\u00e4ngigen und maschinenlesbaren Format zu erhalten, und diese Daten einem anderen Verantwortlichen zur Verarbeitung zu geben. Dieses Recht besteht nur, wenn die Verarbeitung auf einer Einwilligung oder einem Vertrag beruht und die Verarbeitung mittels automatisierter Verfahren erfolgt.<\/li><li>Soweit wir Ihre Daten auf Grundlage von berechtigten Interessen gem\u00e4\u00df Art 6 Abs 1 lit f DSGVO verarbeiten, haben Sie gem\u00e4\u00df Art 21 DSGVO das Recht,\u00a0<strong>Widerspruch<\/strong>\u00a0gegen die Verarbeitung Ihrer Daten einzulegen, soweit daf\u00fcr Gr\u00fcnde vorliegen, die sich aus Ihrer besonderen Situation ergeben. Bei Direktwerbung haben Sie ein generelles Widerspruchsrecht, das auch ohne die Angabe von Gr\u00fcnden von uns umgesetzt wird.<\/li><\/ol><p>Sie haben au\u00dferdem das Recht, sich bei einer Datenschutzaufsichtsbeh\u00f6rde zu beschweren. Die f\u00fcr \u00d6sterreich zust\u00e4ndige Datenschutzbeh\u00f6rde ist die<\/p><p>\u00d6sterreichische Datenschutzbeh\u00f6rde<br \/>Barichgasse 40-42<br \/>1030 Wien<\/p><h3><strong>7. Widerruf von Einwilligungen<\/strong><\/h3><p>M\u00f6chten Sie von Ihrem Widerrufsrecht Gebrauch machen, gen\u00fcgt eine formlose Mitteilung an die oben unter Ziffer 1 genannten Kontaktdaten.<\/p><p>Sie haben gem\u00e4\u00df Artikel 7 Absatz 2 DSGVO das Recht, eine einmal erteilte Einwilligung jederzeit uns gegen\u00fcber zu widerrufen. Dies hat zur Folge, dass wir die Datenverarbeitung, die auf dieser Einwilligung beruhte, f\u00fcr die Zukunft nicht mehr fortf\u00fchren. Durch den Widerruf Ihrer Einwilligung wird die Rechtm\u00e4\u00dfigkeit der aufgrund der Einwilligung bis zum Widerruf erfolgten Verarbeitung nicht ber\u00fchrt.<\/p><h3><strong>8. Datensicherheit<\/strong><\/h3><p>Wir unterhalten f\u00fcr unsere Online-Angebote angemessene technische und organisatorische Ma\u00dfnahmen zur Gew\u00e4hrleistung der Datensicherheit, insbesondere zum Schutz Ihrer Daten vor Gefahren bei Daten\u00fcbertragungen sowie vor der unbefugten Kenntniserlangung durch Dritte. Diese werden dem aktuellen Stand der Technik entsprechend jeweils angepasst. Zur Sicherung der von Ihnen auf unserer Webseite angegebenen pers\u00f6nlichen Daten verwenden wir den Transport Layer Security (TLS), der die von Ihnen eingegebenen Informationen verschl\u00fcsselt.<\/p><h3><strong>9. \u00c4nderungen dieser Datenschutzerkl\u00e4rung<\/strong><\/h3><p>Gelegentlich aktualisieren wir diese Datenschutzerkl\u00e4rung, beispielsweise wenn wir unsere Webseite anpassen oder sich die gesetzlichen oder beh\u00f6rdlichen Vorgaben \u00e4ndern. Die jeweils aktuelle Version ver\u00f6ffentlichen wir unter [<a href=\"\/datenschutzbestimmungen\/\">https:\/\/wastemanagementplattform.interzero.at\/datenschutzerklaerung\/<\/a>]<\/p><p><!-- \/wp:paragraph --><\/p>\t\t\t\t\t\t\t\t<\/div>\n\t\t\t\t<\/div>\n\t\t\t\t\t<\/div>\n\t\t\t\t<\/div>\n\t\t\t\t<\/div>\n\t\t","protected":false},"excerpt":{"rendered":"<p>Rechtlicher Hinweis Datenschutzerkl\u00e4rung der Interzero Circular Solutions Europe GmbH und der Interzero Circular Consulting Austria Gmbh Stand: 02. Mai 2024 Der Schutz und die Sicherheit Ihrer Daten ist f\u00fcr uns, die Interzero Circular Solutions Europe GmbH (im Folgenden \u201eInterzero\u201c), ein wichtiges Anliegen, das wir in allen unseren Gesch\u00e4ftsprozessen ber\u00fccksichtigen. In dieser Datenschutzerkl\u00e4rung m\u00f6chten wir Ihnen [&hellip;]<\/p>\n","protected":false},"author":1,"featured_media":0,"parent":0,"menu_order":0,"comment_status":"closed","ping_status":"closed","template":"","meta":{"inline_featured_image":false,"footnotes":""},"class_list":["post-3165","page","type-page","status-publish","hentry"],"yoast_head":"<!-- This site is optimized with the Yoast SEO plugin v28.3 - https:\/\/yoast.com\/product\/yoast-seo-wordpress\/ -->\n<title>Datenschutzerkl\u00e4rung | Interzero-Abfallplattform | WMP<\/title>\n<meta name=\"description\" content=\"Wir respektieren das Recht unserer Nutzer auf Privatsph\u00e4re und verarbeiten Daten gem\u00e4\u00df den geltenden Vorschriften. Erfahren Sie, wie wir personenbezogene Daten verarbeiten\" \/>\n<meta name=\"robots\" content=\"index, follow, max-snippet:-1, max-image-preview:large, max-video-preview:-1\" \/>\n<link rel=\"canonical\" href=\"https:\/\/wastemanagementplattform.interzero.at\/en\/legal-notice\/\" \/>\n<meta property=\"og:locale\" content=\"en_GB\" \/>\n<meta property=\"og:type\" content=\"article\" \/>\n<meta property=\"og:title\" content=\"Datenschutzerkl\u00e4rung | Interzero-Abfallplattform | WMP\" \/>\n<meta property=\"og:description\" content=\"Wir respektieren das Recht unserer Nutzer auf Privatsph\u00e4re und verarbeiten Daten gem\u00e4\u00df den geltenden Vorschriften. Erfahren Sie, wie wir personenbezogene Daten verarbeiten\" \/>\n<meta property=\"og:url\" content=\"https:\/\/wastemanagementplattform.interzero.at\/en\/legal-notice\/\" \/>\n<meta property=\"og:site_name\" content=\"WMP Interzero AT\" \/>\n<meta property=\"article:modified_time\" content=\"2026-08-03T07:44:14+00:00\" \/>\n<meta property=\"og:image\" content=\"https:\/\/wastemanagementplattform.interzero.at\/wp-content\/uploads\/2026\/07\/wmp-logo_at.png\" \/>\n\t<meta property=\"og:image:width\" content=\"1000\" \/>\n\t<meta property=\"og:image:height\" content=\"400\" \/>\n\t<meta property=\"og:image:type\" content=\"image\/png\" \/>\n<meta name=\"twitter:card\" content=\"summary_large_image\" \/>\n<meta name=\"twitter:title\" content=\"Datenschutzerkl\u00e4rung | Interzero-Abfallplattform | WMP\" \/>\n<meta name=\"twitter:description\" content=\"Wir respektieren das Recht unserer Nutzer auf Privatsph\u00e4re und verarbeiten Daten gem\u00e4\u00df den geltenden Vorschriften. Erfahren Sie, wie wir personenbezogene Daten verarbeiten\" \/>\n<meta name=\"twitter:image\" content=\"https:\/\/wastemanagementplattform.interzero.at\/wp-content\/uploads\/2026\/07\/wmp-logo_at.png\" \/>\n<meta name=\"twitter:label1\" content=\"Estimated reading time\" \/>\n\t<meta name=\"twitter:data1\" content=\"35 minutes\" \/>\n<script type=\"application\/ld+json\" class=\"yoast-schema-graph\">{\"@context\":\"https:\\\/\\\/schema.org\",\"@graph\":[{\"@type\":\"WebPage\",\"@id\":\"https:\\\/\\\/wastemanagementplattform.interzero.at\\\/rechtlicher-hinweis\\\/\",\"url\":\"https:\\\/\\\/wastemanagementplattform.interzero.at\\\/rechtlicher-hinweis\\\/\",\"name\":\"Datenschutzerkl\u00e4rung | Interzero-Abfallplattform | WMP\",\"isPartOf\":{\"@id\":\"https:\\\/\\\/wastemanagementplattform.interzero.at\\\/en\\\/#website\"},\"datePublished\":\"2026-07-14T07:39:18+00:00\",\"dateModified\":\"2026-08-03T07:44:14+00:00\",\"description\":\"Wir respektieren das Recht unserer Nutzer auf Privatsph\u00e4re und verarbeiten Daten gem\u00e4\u00df den geltenden Vorschriften. Erfahren Sie, wie wir personenbezogene Daten verarbeiten\",\"breadcrumb\":{\"@id\":\"https:\\\/\\\/wastemanagementplattform.interzero.at\\\/rechtlicher-hinweis\\\/#breadcrumb\"},\"inLanguage\":\"en-GB\",\"potentialAction\":[{\"@type\":\"ReadAction\",\"target\":[\"https:\\\/\\\/wastemanagementplattform.interzero.at\\\/rechtlicher-hinweis\\\/\"]}]},{\"@type\":\"BreadcrumbList\",\"@id\":\"https:\\\/\\\/wastemanagementplattform.interzero.at\\\/rechtlicher-hinweis\\\/#breadcrumb\",\"itemListElement\":[{\"@type\":\"ListItem\",\"position\":1,\"name\":\"Startseite\",\"item\":\"https:\\\/\\\/wastemanagementplattform.interzero.at\\\/\"},{\"@type\":\"ListItem\",\"position\":2,\"name\":\"Rechtlicher Hinweis\"}]},{\"@type\":\"WebSite\",\"@id\":\"https:\\\/\\\/wastemanagementplattform.interzero.at\\\/en\\\/#website\",\"url\":\"https:\\\/\\\/wastemanagementplattform.interzero.at\\\/en\\\/\",\"name\":\"Interzero Waste Management Plattform\",\"description\":\"\",\"publisher\":{\"@id\":\"https:\\\/\\\/wastemanagementplattform.interzero.at\\\/en\\\/#organization\"},\"potentialAction\":[{\"@type\":\"SearchAction\",\"target\":{\"@type\":\"EntryPoint\",\"urlTemplate\":\"https:\\\/\\\/wastemanagementplattform.interzero.at\\\/en\\\/?s={search_term_string}\"},\"query-input\":{\"@type\":\"PropertyValueSpecification\",\"valueRequired\":true,\"valueName\":\"search_term_string\"}}],\"inLanguage\":\"en-GB\"},{\"@type\":\"Organization\",\"@id\":\"https:\\\/\\\/wastemanagementplattform.interzero.at\\\/en\\\/#organization\",\"name\":\"Interzero Waste Management Plattform\",\"url\":\"https:\\\/\\\/wastemanagementplattform.interzero.at\\\/en\\\/\",\"logo\":{\"@type\":\"ImageObject\",\"inLanguage\":\"en-GB\",\"@id\":\"https:\\\/\\\/wastemanagementplattform.interzero.at\\\/en\\\/#\\\/schema\\\/logo\\\/image\\\/\",\"url\":\"https:\\\/\\\/wastemanagementplattform.interzero.at\\\/wp-content\\\/uploads\\\/2026\\\/07\\\/wmp_logo_en.svg\",\"contentUrl\":\"https:\\\/\\\/wastemanagementplattform.interzero.at\\\/wp-content\\\/uploads\\\/2026\\\/07\\\/wmp_logo_en.svg\",\"width\":\"1024\",\"height\":\"1024\",\"caption\":\"Interzero Waste Management Plattform\"},\"image\":{\"@id\":\"https:\\\/\\\/wastemanagementplattform.interzero.at\\\/en\\\/#\\\/schema\\\/logo\\\/image\\\/\"},\"sameAs\":[\"https:\\\/\\\/www.linkedin.com\\\/company\\\/interzero-austria\\\/\",\"https:\\\/\\\/www.youtube.com\\\/@interzero-austria\"]}]}<\/script>\n<!-- \/ Yoast SEO plugin. -->","yoast_head_json":{"title":"Privacy Policy | Interzero Waste Platform | WMP","description":"We respect our users\u2019 right to privacy and process data in accordance with the applicable regulations. Find out how we process personal data","robots":{"index":"index","follow":"follow","max-snippet":"max-snippet:-1","max-image-preview":"max-image-preview:large","max-video-preview":"max-video-preview:-1"},"canonical":"https:\/\/wastemanagementplattform.interzero.at\/en\/legal-notice\/","og_locale":"en_GB","og_type":"article","og_title":"Datenschutzerkl\u00e4rung | Interzero-Abfallplattform | WMP","og_description":"Wir respektieren das Recht unserer Nutzer auf Privatsph\u00e4re und verarbeiten Daten gem\u00e4\u00df den geltenden Vorschriften. Erfahren Sie, wie wir personenbezogene Daten verarbeiten","og_url":"https:\/\/wastemanagementplattform.interzero.at\/en\/legal-notice\/","og_site_name":"WMP Interzero AT","article_modified_time":"2026-08-03T07:44:14+00:00","og_image":[{"width":1000,"height":400,"url":"https:\/\/wastemanagementplattform.interzero.at\/wp-content\/uploads\/2026\/07\/wmp-logo_at.png","type":"image\/png"}],"twitter_card":"summary_large_image","twitter_title":"Datenschutzerkl\u00e4rung | Interzero-Abfallplattform | WMP","twitter_description":"Wir respektieren das Recht unserer Nutzer auf Privatsph\u00e4re und verarbeiten Daten gem\u00e4\u00df den geltenden Vorschriften. Erfahren Sie, wie wir personenbezogene Daten verarbeiten","twitter_image":"https:\/\/wastemanagementplattform.interzero.at\/wp-content\/uploads\/2026\/07\/wmp-logo_at.png","twitter_misc":{"Estimated reading time":"35 minutes"},"schema":{"@context":"https:\/\/schema.org","@graph":[{"@type":"WebPage","@id":"https:\/\/wastemanagementplattform.interzero.at\/rechtlicher-hinweis\/","url":"https:\/\/wastemanagementplattform.interzero.at\/rechtlicher-hinweis\/","name":"Privacy Policy | Interzero Waste Platform | WMP","isPartOf":{"@id":"https:\/\/wastemanagementplattform.interzero.at\/en\/#website"},"datePublished":"2026-07-14T07:39:18+00:00","dateModified":"2026-08-03T07:44:14+00:00","description":"We respect our users\u2019 right to privacy and process data in accordance with the applicable regulations. Find out how we process personal data","breadcrumb":{"@id":"https:\/\/wastemanagementplattform.interzero.at\/rechtlicher-hinweis\/#breadcrumb"},"inLanguage":"en-GB","potentialAction":[{"@type":"ReadAction","target":["https:\/\/wastemanagementplattform.interzero.at\/rechtlicher-hinweis\/"]}]},{"@type":"BreadcrumbList","@id":"https:\/\/wastemanagementplattform.interzero.at\/rechtlicher-hinweis\/#breadcrumb","itemListElement":[{"@type":"ListItem","position":1,"name":"Startseite","item":"https:\/\/wastemanagementplattform.interzero.at\/"},{"@type":"ListItem","position":2,"name":"Rechtlicher Hinweis"}]},{"@type":"WebSite","@id":"https:\/\/wastemanagementplattform.interzero.at\/en\/#website","url":"https:\/\/wastemanagementplattform.interzero.at\/en\/","name":"Interzero Waste Management Platform","description":"","publisher":{"@id":"https:\/\/wastemanagementplattform.interzero.at\/en\/#organization"},"potentialAction":[{"@type":"SearchAction","target":{"@type":"EntryPoint","urlTemplate":"https:\/\/wastemanagementplattform.interzero.at\/en\/?s={search_term_string}"},"query-input":{"@type":"PropertyValueSpecification","valueRequired":true,"valueName":"search_term_string"}}],"inLanguage":"en-GB"},{"@type":"Organization","@id":"https:\/\/wastemanagementplattform.interzero.at\/en\/#organization","name":"Interzero Waste Management Platform","url":"https:\/\/wastemanagementplattform.interzero.at\/en\/","logo":{"@type":"ImageObject","inLanguage":"en-GB","@id":"https:\/\/wastemanagementplattform.interzero.at\/en\/#\/schema\/logo\/image\/","url":"https:\/\/wastemanagementplattform.interzero.at\/wp-content\/uploads\/2026\/07\/wmp_logo_en.svg","contentUrl":"https:\/\/wastemanagementplattform.interzero.at\/wp-content\/uploads\/2026\/07\/wmp_logo_en.svg","width":"1024","height":"1024","caption":"Interzero Waste Management Plattform"},"image":{"@id":"https:\/\/wastemanagementplattform.interzero.at\/en\/#\/schema\/logo\/image\/"},"sameAs":["https:\/\/www.linkedin.com\/company\/interzero-austria\/","https:\/\/www.youtube.com\/@interzero-austria"]}]}},"_links":{"self":[{"href":"https:\/\/wastemanagementplattform.interzero.at\/en\/wp-json\/wp\/v2\/pages\/3165","targetHints":{"allow":["GET"]}}],"collection":[{"href":"https:\/\/wastemanagementplattform.interzero.at\/en\/wp-json\/wp\/v2\/pages"}],"about":[{"href":"https:\/\/wastemanagementplattform.interzero.at\/en\/wp-json\/wp\/v2\/types\/page"}],"author":[{"embeddable":true,"href":"https:\/\/wastemanagementplattform.interzero.at\/en\/wp-json\/wp\/v2\/users\/1"}],"replies":[{"embeddable":true,"href":"https:\/\/wastemanagementplattform.interzero.at\/en\/wp-json\/wp\/v2\/comments?post=3165"}],"version-history":[{"count":8,"href":"https:\/\/wastemanagementplattform.interzero.at\/en\/wp-json\/wp\/v2\/pages\/3165\/revisions"}],"predecessor-version":[{"id":3264,"href":"https:\/\/wastemanagementplattform.interzero.at\/en\/wp-json\/wp\/v2\/pages\/3165\/revisions\/3264"}],"wp:attachment":[{"href":"https:\/\/wastemanagementplattform.interzero.at\/en\/wp-json\/wp\/v2\/media?parent=3165"}],"curies":[{"name":"wp","href":"https:\/\/api.w.org\/{rel}","templated":true}]}}